{"version":"1.0","provider_name":"Nutrition Dialogues","provider_url":"https:\/\/nutritiondialogues.org\/es\/","author_name":"G\u00e9nesis Castillo","author_url":"https:\/\/nutritiondialogues.org\/es\/author\/genesis_castillowvi-org\/","title":"Di\u00e1logos de nutrici\u00f3n \"Prevenimos la Desnutrici\u00f3n Cr\u00f3nica Infantil junto a j\u00f3venes\"","type":"rich","width":600,"height":338,"html":"<blockquote class=\"wp-embedded-content\" data-secret=\"KJ2TmeQ0S0\"><a href=\"https:\/\/nutritiondialogues.org\/es\/dialogue\/55176\/\">Di\u00e1logos de nutrici\u00f3n \u00abPrevenimos la Desnutrici\u00f3n Cr\u00f3nica Infantil junto a j\u00f3venes\u00bb<\/a><\/blockquote><iframe sandbox=\"allow-scripts\" security=\"restricted\" src=\"https:\/\/nutritiondialogues.org\/es\/dialogue\/55176\/embed\/#?secret=KJ2TmeQ0S0\" width=\"600\" height=\"338\" title=\"\u00abDi\u00e1logos de nutrici\u00f3n \u00abPrevenimos la Desnutrici\u00f3n Cr\u00f3nica Infantil junto a j\u00f3venes\u00bb\u00bb \u2014 Nutrition Dialogues\" data-secret=\"KJ2TmeQ0S0\" frameborder=\"0\" marginwidth=\"0\" marginheight=\"0\" scrolling=\"no\" class=\"wp-embedded-content\"><\/iframe><script>\n\/*! This file is auto-generated *\/\n!function(d,l){\"use strict\";l.querySelector&&d.addEventListener&&\"undefined\"!=typeof URL&&(d.wp=d.wp||{},d.wp.receiveEmbedMessage||(d.wp.receiveEmbedMessage=function(e){var t=e.data;if((t||t.secret||t.message||t.value)&&!\/[^a-zA-Z0-9]\/.test(t.secret)){for(var s,r,n,a=l.querySelectorAll('iframe[data-secret=\"'+t.secret+'\"]'),o=l.querySelectorAll('blockquote[data-secret=\"'+t.secret+'\"]'),c=new RegExp(\"^https?:$\",\"i\"),i=0;i<o.length;i++)o[i].style.display=\"none\";for(i=0;i<a.length;i++)s=a[i],e.source===s.contentWindow&&(s.removeAttribute(\"style\"),\"height\"===t.message?(1e3<(r=parseInt(t.value,10))?r=1e3:~~r<200&&(r=200),s.height=r):\"link\"===t.message&&(r=new URL(s.getAttribute(\"src\")),n=new URL(t.value),c.test(n.protocol))&&n.host===r.host&&l.activeElement===s&&(d.top.location.href=t.value))}},d.addEventListener(\"message\",d.wp.receiveEmbedMessage,!1),l.addEventListener(\"DOMContentLoaded\",function(){for(var e,t,s=l.querySelectorAll(\"iframe.wp-embedded-content\"),r=0;r<s.length;r++)(t=(e=s[r]).getAttribute(\"data-secret\"))||(t=Math.random().toString(36).substring(2,12),e.src+=\"#?secret=\"+t,e.setAttribute(\"data-secret\",t)),e.contentWindow.postMessage({message:\"ready\",secret:t},\"*\")},!1)))}(window,document);\n<\/script>\n","description":"El evento Di\u00e1logos de nutrici\u00f3n \u00abPrevenimos la Desnutrici\u00f3n Cr\u00f3nica Infantil junto a j\u00f3venes\u00bb contar\u00e1 con la participaci\u00f3n de voceros de instituciones del estado como Ministerio de Salud Publica, Ministerio de Educaci\u00f3n, Secretar\u00eda Ecuador Crece sin Desnutrici\u00f3n Infantil, quienes en una plenaria de apertura abordar\u00e1n las siguientes tem\u00e1ticas: Consecuencias de la DCI en el desarrollo cognitivo y aprendizaje. Importancia de paquete priorizado para prevenci\u00f3n de la DCI. Acciones de prevenci\u00f3n en el Marco de la Estrategia Ecuador Crece Sin Desnutrici\u00f3n Cr\u00f3nica Infantil Adem\u00e1s se desarrollar\u00e1n espacios de reflexi\u00f3n individuales y debates grupales sobre la comprensi\u00f3n de una buena alimentaci\u00f3n, malnutrici\u00f3n, y qu\u00e9 se est\u00e1 haciendo para prevenirla; esto, mediante actividades visuales utilizando fotograf\u00edas y notas adhesivas. Finalmente se sintetizar\u00e1n ideas para mejorar la alimentaci\u00f3n, que resulten de la expresi\u00f3n de los participantes a trav\u00e9s del desarrollo de collages.","thumbnail_url":"https:\/\/nutritiondialogues.org\/wp-content\/uploads\/2024\/11\/Riobamba-Ecuador.jpg"}